{"id":33,"date":"2020-03-24T17:20:06","date_gmt":"2020-03-24T20:20:06","guid":{"rendered":"http:\/\/siciliano.adv.br\/es\/?page_id=33"},"modified":"2024-02-26T21:40:55","modified_gmt":"2024-02-27T00:40:55","slug":"home","status":"publish","type":"page","link":"https:\/\/siciliano.adv.br\/es\/","title":{"rendered":"Home"},"content":{"rendered":"\t\t<div data-elementor-type=\"wp-page\" data-elementor-id=\"33\" class=\"elementor elementor-33\">\n\t\t\t\t\t\t<section class=\"elementor-section elementor-top-section elementor-element elementor-element-ff13569 elementor-section-height-min-height elementor-section-boxed elementor-section-height-default elementor-section-items-middle\" data-id=\"ff13569\" data-element_type=\"section\" data-e-type=\"section\" data-settings=\"{&quot;background_background&quot;:&quot;classic&quot;}\">\n\t\t\t\t\t\t\t<div class=\"elementor-background-overlay\"><\/div>\n\t\t\t\t\t\t\t<div class=\"elementor-container elementor-column-gap-default\">\n\t\t\t\t\t<div class=\"elementor-column elementor-col-100 elementor-top-column elementor-element elementor-element-a24076e\" data-id=\"a24076e\" data-element_type=\"column\" data-e-type=\"column\">\n\t\t\t<div class=\"elementor-widget-wrap elementor-element-populated\">\n\t\t\t\t\t\t<div class=\"elementor-element elementor-element-5a3ab45 elementor-hidden-tablet elementor-hidden-phone animated-slow elementor-invisible elementor-widget elementor-widget-text-editor\" data-id=\"5a3ab45\" data-element_type=\"widget\" data-e-type=\"widget\" data-settings=\"{&quot;_animation&quot;:&quot;fadeInRight&quot;}\" data-widget_type=\"text-editor.default\">\n\t\t\t\t<div class=\"elementor-widget-container\">\n\t\t\t\t\t\t\t\t\tModerno en la forma de operar\n<\/br>Tradicional en los valores a defender\t\t\t\t\t\t\t\t<\/div>\n\t\t\t\t<\/div>\n\t\t\t\t<div class=\"elementor-element elementor-element-d5c6293 elementor-hidden-desktop animated-slow elementor-invisible elementor-widget elementor-widget-text-editor\" data-id=\"d5c6293\" data-element_type=\"widget\" data-e-type=\"widget\" data-settings=\"{&quot;_animation&quot;:&quot;fadeInRight&quot;}\" data-widget_type=\"text-editor.default\">\n\t\t\t\t<div class=\"elementor-widget-container\">\n\t\t\t\t\t\t\t\t\tModerno en la<\/br>\nforma de operar\n<\/br><\/br>\nTradicional en los<\/br>\nvalores a defender\t\t\t\t\t\t\t\t<\/div>\n\t\t\t\t<\/div>\n\t\t\t\t\t<\/div>\n\t\t<\/div>\n\t\t\t\t\t<\/div>\n\t\t<\/section>\n\t\t\t\t<section class=\"elementor-section elementor-top-section elementor-element elementor-element-5231137 elementor-section-boxed elementor-section-height-default elementor-section-height-default\" data-id=\"5231137\" data-element_type=\"section\" data-e-type=\"section\">\n\t\t\t\t\t\t<div class=\"elementor-container elementor-column-gap-default\">\n\t\t\t\t\t<div class=\"elementor-column elementor-col-100 elementor-top-column elementor-element elementor-element-ba275b6\" data-id=\"ba275b6\" data-element_type=\"column\" data-e-type=\"column\">\n\t\t\t<div class=\"elementor-widget-wrap elementor-element-populated\">\n\t\t\t\t\t\t<div class=\"elementor-element elementor-element-681b494 elementor-widget-divider--view-line elementor-widget elementor-widget-divider\" data-id=\"681b494\" data-element_type=\"widget\" data-e-type=\"widget\" data-widget_type=\"divider.default\">\n\t\t\t\t<div class=\"elementor-widget-container\">\n\t\t\t\t\t\t\t<div class=\"elementor-divider\">\n\t\t\t<span class=\"elementor-divider-separator\">\n\t\t\t\t\t\t<\/span>\n\t\t<\/div>\n\t\t\t\t\t\t<\/div>\n\t\t\t\t<\/div>\n\t\t\t\t<div class=\"elementor-element elementor-element-5856756 elementor-widget elementor-widget-heading\" data-id=\"5856756\" data-element_type=\"widget\" data-e-type=\"widget\" data-widget_type=\"heading.default\">\n\t\t\t\t<div class=\"elementor-widget-container\">\n\t\t\t\t\t<h1 class=\"elementor-heading-title elementor-size-default\">Siciliano Sociedad de Abogados<\/h1>\t\t\t\t<\/div>\n\t\t\t\t<\/div>\n\t\t\t\t<div class=\"elementor-element elementor-element-2d4bdd2 elementor-widget elementor-widget-heading\" data-id=\"2d4bdd2\" data-element_type=\"widget\" data-e-type=\"widget\" data-widget_type=\"heading.default\">\n\t\t\t\t<div class=\"elementor-widget-container\">\n\t\t\t\t\t<p class=\"elementor-heading-title elementor-size-default\">Creemos que la modernidad radica en nuevas formas de relacionarse y actuar, que permiten reducir costos y aumentar la eficiencia. Tambi\u00e9n creemos que la pr\u00e1ctica del derecho debe basarse en la tradici\u00f3n del conocimiento legal, obtenido a trav\u00e9s de una profunda dedicaci\u00f3n al estudio del derecho. Buscamos ejecutar trabajos t\u00e9cnicamente s\u00f3lidos, sin un lenguaje arcaico, de manera eficiente y \u00e1gil, pero sin renunciar a la b\u00fasqueda de la justicia.<\/p>\t\t\t\t<\/div>\n\t\t\t\t<\/div>\n\t\t\t\t<div class=\"elementor-element elementor-element-ea35169 elementor-widget elementor-widget-button\" data-id=\"ea35169\" data-element_type=\"widget\" data-e-type=\"widget\" data-widget_type=\"button.default\">\n\t\t\t\t<div class=\"elementor-widget-container\">\n\t\t\t\t\t\t\t\t\t<div class=\"elementor-button-wrapper\">\n\t\t\t\t\t<a class=\"elementor-button elementor-button-link elementor-size-sm\" href=\"https:\/\/siciliano.adv.br\/es\/perfil\/\">\n\t\t\t\t\t\t<span class=\"elementor-button-content-wrapper\">\n\t\t\t\t\t\t\t\t\t<span class=\"elementor-button-text\">VER M\u00c1S<\/span>\n\t\t\t\t\t<\/span>\n\t\t\t\t\t<\/a>\n\t\t\t\t<\/div>\n\t\t\t\t\t\t\t\t<\/div>\n\t\t\t\t<\/div>\n\t\t\t\t\t<\/div>\n\t\t<\/div>\n\t\t\t\t\t<\/div>\n\t\t<\/section>\n\t\t\t\t<section class=\"elementor-section elementor-top-section elementor-element elementor-element-b2e5ba3 elementor-section-boxed elementor-section-height-default elementor-section-height-default\" data-id=\"b2e5ba3\" data-element_type=\"section\" data-e-type=\"section\" data-settings=\"{&quot;background_background&quot;:&quot;classic&quot;}\">\n\t\t\t\t\t\t\t<div class=\"elementor-background-overlay\"><\/div>\n\t\t\t\t\t\t\t<div class=\"elementor-container elementor-column-gap-default\">\n\t\t\t\t\t<div class=\"elementor-column elementor-col-100 elementor-top-column elementor-element elementor-element-612bbbd\" data-id=\"612bbbd\" data-element_type=\"column\" data-e-type=\"column\">\n\t\t\t<div class=\"elementor-widget-wrap elementor-element-populated\">\n\t\t\t\t\t\t<section class=\"elementor-section elementor-inner-section elementor-element elementor-element-3fe21fd elementor-section-boxed elementor-section-height-default elementor-section-height-default\" data-id=\"3fe21fd\" data-element_type=\"section\" data-e-type=\"section\">\n\t\t\t\t\t\t<div class=\"elementor-container elementor-column-gap-default\">\n\t\t\t\t\t<div class=\"elementor-column elementor-col-33 elementor-inner-column elementor-element elementor-element-eb238d6\" data-id=\"eb238d6\" data-element_type=\"column\" data-e-type=\"column\">\n\t\t\t<div class=\"elementor-widget-wrap elementor-element-populated\">\n\t\t\t\t\t\t<div class=\"elementor-element elementor-element-5dbba96 elementor-widget-divider--view-line elementor-widget elementor-widget-divider\" data-id=\"5dbba96\" data-element_type=\"widget\" data-e-type=\"widget\" data-widget_type=\"divider.default\">\n\t\t\t\t<div class=\"elementor-widget-container\">\n\t\t\t\t\t\t\t<div class=\"elementor-divider\">\n\t\t\t<span class=\"elementor-divider-separator\">\n\t\t\t\t\t\t<\/span>\n\t\t<\/div>\n\t\t\t\t\t\t<\/div>\n\t\t\t\t<\/div>\n\t\t\t\t<div class=\"elementor-element elementor-element-da3f0bd elementor-widget elementor-widget-heading\" data-id=\"da3f0bd\" data-element_type=\"widget\" data-e-type=\"widget\" data-widget_type=\"heading.default\">\n\t\t\t\t<div class=\"elementor-widget-container\">\n\t\t\t\t\t<h2 class=\"elementor-heading-title elementor-size-default\">Actuaci\u00f3n<\/h2>\t\t\t\t<\/div>\n\t\t\t\t<\/div>\n\t\t\t\t<div class=\"elementor-element elementor-element-1b60f35 elementor-widget elementor-widget-spacer\" data-id=\"1b60f35\" data-element_type=\"widget\" data-e-type=\"widget\" data-widget_type=\"spacer.default\">\n\t\t\t\t<div class=\"elementor-widget-container\">\n\t\t\t\t\t\t\t<div class=\"elementor-spacer\">\n\t\t\t<div class=\"elementor-spacer-inner\"><\/div>\n\t\t<\/div>\n\t\t\t\t\t\t<\/div>\n\t\t\t\t<\/div>\n\t\t\t\t<div class=\"elementor-element elementor-element-707cc8b elementor-hidden-tablet elementor-hidden-phone elementor-widget elementor-widget-button\" data-id=\"707cc8b\" data-element_type=\"widget\" data-e-type=\"widget\" data-widget_type=\"button.default\">\n\t\t\t\t<div class=\"elementor-widget-container\">\n\t\t\t\t\t\t\t\t\t<div class=\"elementor-button-wrapper\">\n\t\t\t\t\t<a class=\"elementor-button elementor-button-link elementor-size-xs\" href=\"https:\/\/siciliano.adv.br\/es\/actuacion\/\">\n\t\t\t\t\t\t<span class=\"elementor-button-content-wrapper\">\n\t\t\t\t\t\t\t\t\t<span class=\"elementor-button-text\">VER M\u00c1S<\/span>\n\t\t\t\t\t<\/span>\n\t\t\t\t\t<\/a>\n\t\t\t\t<\/div>\n\t\t\t\t\t\t\t\t<\/div>\n\t\t\t\t<\/div>\n\t\t\t\t\t<\/div>\n\t\t<\/div>\n\t\t\t\t<div class=\"elementor-column elementor-col-33 elementor-inner-column elementor-element elementor-element-186c896\" data-id=\"186c896\" data-element_type=\"column\" data-e-type=\"column\">\n\t\t\t<div class=\"elementor-widget-wrap elementor-element-populated\">\n\t\t\t\t\t\t<div class=\"elementor-element elementor-element-2a02575 elementor-widget elementor-widget-heading\" data-id=\"2a02575\" data-element_type=\"widget\" data-e-type=\"widget\" data-widget_type=\"heading.default\">\n\t\t\t\t<div class=\"elementor-widget-container\">\n\t\t\t\t\t<h2 class=\"elementor-heading-title elementor-size-default\">Internacional<\/h2>\t\t\t\t<\/div>\n\t\t\t\t<\/div>\n\t\t\t\t<div class=\"elementor-element elementor-element-dc70d40 elementor-widget elementor-widget-heading\" data-id=\"dc70d40\" data-element_type=\"widget\" data-e-type=\"widget\" data-widget_type=\"heading.default\">\n\t\t\t\t<div class=\"elementor-widget-container\">\n\t\t\t\t\t<p class=\"elementor-heading-title elementor-size-default\">Operamos en el \u00e1rea del derecho privado internacional en asuntos familiares, donde la situaci\u00f3n involucra m\u00e1s de un pa\u00eds (como matrimonios celebrados en el extranjero, divorcios fuera de Brasil, divisi\u00f3n de bienes en el extranjero, establecimiento de custodia de hijos menores y pensi\u00f3n en otro pa\u00eds, entre otros).<\/p>\t\t\t\t<\/div>\n\t\t\t\t<\/div>\n\t\t\t\t<div class=\"elementor-element elementor-element-654aa93 elementor-widget elementor-widget-spacer\" data-id=\"654aa93\" data-element_type=\"widget\" data-e-type=\"widget\" data-widget_type=\"spacer.default\">\n\t\t\t\t<div class=\"elementor-widget-container\">\n\t\t\t\t\t\t\t<div class=\"elementor-spacer\">\n\t\t\t<div class=\"elementor-spacer-inner\"><\/div>\n\t\t<\/div>\n\t\t\t\t\t\t<\/div>\n\t\t\t\t<\/div>\n\t\t\t\t<div class=\"elementor-element elementor-element-e689fbd elementor-widget elementor-widget-heading\" data-id=\"e689fbd\" data-element_type=\"widget\" data-e-type=\"widget\" data-widget_type=\"heading.default\">\n\t\t\t\t<div class=\"elementor-widget-container\">\n\t\t\t\t\t<h2 class=\"elementor-heading-title elementor-size-default\">Contratos<\/h2>\t\t\t\t<\/div>\n\t\t\t\t<\/div>\n\t\t\t\t<div class=\"elementor-element elementor-element-5ce0154 elementor-widget elementor-widget-heading\" data-id=\"5ce0154\" data-element_type=\"widget\" data-e-type=\"widget\" data-widget_type=\"heading.default\">\n\t\t\t\t<div class=\"elementor-widget-container\">\n\t\t\t\t\t<p class=\"elementor-heading-title elementor-size-default\">Asesoramos a nuestros clientes en negociaciones (nacionales e internacionales), redactamos, analizamos y revisamos contratos, estructuramos garant\u00edas y evaluamos los riesgos derivados de los contratos, negocios relacionados y su ejecuci\u00f3n.<\/p>\t\t\t\t<\/div>\n\t\t\t\t<\/div>\n\t\t\t\t\t<\/div>\n\t\t<\/div>\n\t\t\t\t<div class=\"elementor-column elementor-col-33 elementor-inner-column elementor-element elementor-element-609c0a7\" data-id=\"609c0a7\" data-element_type=\"column\" data-e-type=\"column\">\n\t\t\t<div class=\"elementor-widget-wrap elementor-element-populated\">\n\t\t\t\t\t\t<div class=\"elementor-element elementor-element-b9b1e24 elementor-widget elementor-widget-heading\" data-id=\"b9b1e24\" data-element_type=\"widget\" data-e-type=\"widget\" data-widget_type=\"heading.default\">\n\t\t\t\t<div class=\"elementor-widget-container\">\n\t\t\t\t\t<h2 class=\"elementor-heading-title elementor-size-default\">Fam\u00edlia e Sucess\u00f5es<\/h2>\t\t\t\t<\/div>\n\t\t\t\t<\/div>\n\t\t\t\t<div class=\"elementor-element elementor-element-5b474ca elementor-widget elementor-widget-heading\" data-id=\"5b474ca\" data-element_type=\"widget\" data-e-type=\"widget\" data-widget_type=\"heading.default\">\n\t\t\t\t<div class=\"elementor-widget-container\">\n\t\t\t\t\t<p class=\"elementor-heading-title elementor-size-default\">Buscando equilibrar intereses econ\u00f3micos y familiares, llevamos a cabo planificaci\u00f3n patrimonial, inventarios, conciliaciones entre herederos, protecci\u00f3n de activos, entre otras actividades. Brindamos asesoramiento preventivo a nuestros clientes sobre contratos de uni\u00f3n estable y\/o establecimiento de r\u00e9gimen patrimonial, incluso cuando la uni\u00f3n o matrimonio ocurre en el extranjero o hay herederos y\/o bienes ubicados en el extranjero. Tambi\u00e9n nos encargamos de divorcios, reconocimiento y disoluci\u00f3n de uniones estables, regulaci\u00f3n de la custodia, r\u00e9gimen de convivencia y\/o alimentos, en procesos judiciales y extrajudiciales, consensuales o litigiosos.<\/p>\t\t\t\t<\/div>\n\t\t\t\t<\/div>\n\t\t\t\t<div class=\"elementor-element elementor-element-bed4f1a elementor-widget elementor-widget-spacer\" data-id=\"bed4f1a\" data-element_type=\"widget\" data-e-type=\"widget\" data-widget_type=\"spacer.default\">\n\t\t\t\t<div class=\"elementor-widget-container\">\n\t\t\t\t\t\t\t<div class=\"elementor-spacer\">\n\t\t\t<div class=\"elementor-spacer-inner\"><\/div>\n\t\t<\/div>\n\t\t\t\t\t\t<\/div>\n\t\t\t\t<\/div>\n\t\t\t\t<div class=\"elementor-element elementor-element-189cf26 elementor-widget elementor-widget-heading\" data-id=\"189cf26\" data-element_type=\"widget\" data-e-type=\"widget\" data-widget_type=\"heading.default\">\n\t\t\t\t<div class=\"elementor-widget-container\">\n\t\t\t\t\t<h2 class=\"elementor-heading-title elementor-size-default\">Contencioso<\/h2>\t\t\t\t<\/div>\n\t\t\t\t<\/div>\n\t\t\t\t<div class=\"elementor-element elementor-element-ab453b8 elementor-widget elementor-widget-heading\" data-id=\"ab453b8\" data-element_type=\"widget\" data-e-type=\"widget\" data-widget_type=\"heading.default\">\n\t\t\t\t<div class=\"elementor-widget-container\">\n\t\t\t\t\t<p class=\"elementor-heading-title elementor-size-default\">Una de nuestras especialidades es actuar en demandas estrat\u00e9gicas, para evitar que una mala interpretaci\u00f3n de la ley genere demandas sucesivas. Trabajamos en cuestiones civiles en general, de consumidores, ambientales, administrativas y laborales, representando los intereses de los clientes en todas las instancias y tribunales, incluido el \u00e1mbito administrativo.<\/p>\t\t\t\t<\/div>\n\t\t\t\t<\/div>\n\t\t\t\t<div class=\"elementor-element elementor-element-4f12167 elementor-widget elementor-widget-spacer\" data-id=\"4f12167\" data-element_type=\"widget\" data-e-type=\"widget\" data-widget_type=\"spacer.default\">\n\t\t\t\t<div class=\"elementor-widget-container\">\n\t\t\t\t\t\t\t<div class=\"elementor-spacer\">\n\t\t\t<div class=\"elementor-spacer-inner\"><\/div>\n\t\t<\/div>\n\t\t\t\t\t\t<\/div>\n\t\t\t\t<\/div>\n\t\t\t\t<div class=\"elementor-element elementor-element-e676883 elementor-hidden-desktop elementor-widget elementor-widget-button\" data-id=\"e676883\" data-element_type=\"widget\" data-e-type=\"widget\" data-widget_type=\"button.default\">\n\t\t\t\t<div class=\"elementor-widget-container\">\n\t\t\t\t\t\t\t\t\t<div class=\"elementor-button-wrapper\">\n\t\t\t\t\t<a class=\"elementor-button elementor-button-link elementor-size-xs\" href=\"https:\/\/siciliano.adv.br\/es\/areas-de-atuacao\/\">\n\t\t\t\t\t\t<span class=\"elementor-button-content-wrapper\">\n\t\t\t\t\t\t\t\t\t<span class=\"elementor-button-text\">VER TODAS AS \u00c1REAS<\/span>\n\t\t\t\t\t<\/span>\n\t\t\t\t\t<\/a>\n\t\t\t\t<\/div>\n\t\t\t\t\t\t\t\t<\/div>\n\t\t\t\t<\/div>\n\t\t\t\t\t<\/div>\n\t\t<\/div>\n\t\t\t\t\t<\/div>\n\t\t<\/section>\n\t\t\t\t\t<\/div>\n\t\t<\/div>\n\t\t\t\t\t<\/div>\n\t\t<\/section>\n\t\t\t\t<section class=\"elementor-section elementor-top-section elementor-element elementor-element-844091d elementor-section-boxed elementor-section-height-default elementor-section-height-default\" data-id=\"844091d\" data-element_type=\"section\" data-e-type=\"section\">\n\t\t\t\t\t\t<div class=\"elementor-container elementor-column-gap-default\">\n\t\t\t\t\t<div class=\"elementor-column elementor-col-100 elementor-top-column elementor-element elementor-element-bbbcc60\" data-id=\"bbbcc60\" data-element_type=\"column\" data-e-type=\"column\">\n\t\t\t<div class=\"elementor-widget-wrap elementor-element-populated\">\n\t\t\t\t\t\t<div class=\"elementor-element elementor-element-6b82a5c elementor-widget-divider--view-line elementor-widget elementor-widget-divider\" data-id=\"6b82a5c\" data-element_type=\"widget\" data-e-type=\"widget\" data-widget_type=\"divider.default\">\n\t\t\t\t<div class=\"elementor-widget-container\">\n\t\t\t\t\t\t\t<div class=\"elementor-divider\">\n\t\t\t<span class=\"elementor-divider-separator\">\n\t\t\t\t\t\t<\/span>\n\t\t<\/div>\n\t\t\t\t\t\t<\/div>\n\t\t\t\t<\/div>\n\t\t\t\t<div class=\"elementor-element elementor-element-2b6a972 elementor-widget elementor-widget-heading\" data-id=\"2b6a972\" data-element_type=\"widget\" data-e-type=\"widget\" data-widget_type=\"heading.default\">\n\t\t\t\t<div class=\"elementor-widget-container\">\n\t\t\t\t\t<h1 class=\"elementor-heading-title elementor-size-default\">Blog<\/h1>\t\t\t\t<\/div>\n\t\t\t\t<\/div>\n\t\t\t\t\t<\/div>\n\t\t<\/div>\n\t\t\t\t\t<\/div>\n\t\t<\/section>\n\t\t\t\t<section class=\"elementor-section elementor-top-section elementor-element elementor-element-8f02cb0 elementor-section-boxed elementor-section-height-default elementor-section-height-default\" data-id=\"8f02cb0\" data-element_type=\"section\" data-e-type=\"section\">\n\t\t\t\t\t\t<div class=\"elementor-container elementor-column-gap-default\">\n\t\t\t\t\t<div class=\"elementor-column elementor-col-100 elementor-top-column elementor-element elementor-element-fc72201\" data-id=\"fc72201\" data-element_type=\"column\" data-e-type=\"column\">\n\t\t\t<div class=\"elementor-widget-wrap elementor-element-populated\">\n\t\t\t\t\t\t<div class=\"elementor-element elementor-element-25eba69 elementor-posts--align-left elementor-grid-3 elementor-grid-tablet-2 elementor-grid-mobile-1 elementor-posts--thumbnail-top elementor-card-shadow-yes elementor-posts__hover-gradient elementor-widget elementor-widget-posts\" data-id=\"25eba69\" data-element_type=\"widget\" data-e-type=\"widget\" data-settings=\"{&quot;cards_columns&quot;:&quot;3&quot;,&quot;cards_columns_tablet&quot;:&quot;2&quot;,&quot;cards_columns_mobile&quot;:&quot;1&quot;,&quot;cards_row_gap&quot;:{&quot;unit&quot;:&quot;px&quot;,&quot;size&quot;:35,&quot;sizes&quot;:[]},&quot;cards_row_gap_tablet&quot;:{&quot;unit&quot;:&quot;px&quot;,&quot;size&quot;:&quot;&quot;,&quot;sizes&quot;:[]},&quot;cards_row_gap_mobile&quot;:{&quot;unit&quot;:&quot;px&quot;,&quot;size&quot;:&quot;&quot;,&quot;sizes&quot;:[]}}\" data-widget_type=\"posts.cards\">\n\t\t\t\t<div class=\"elementor-widget-container\">\n\t\t\t\t\t\t\t<div class=\"elementor-posts-container elementor-posts elementor-posts--skin-cards elementor-grid\">\n\t\t\t\t<article class=\"elementor-post elementor-grid-item post-973 post type-post status-publish format-standard has-post-thumbnail hentry category-sem-categoria\">\n\t\t\t<div class=\"elementor-post__card\">\n\t\t\t\t<a class=\"elementor-post__thumbnail__link\" href=\"https:\/\/siciliano.adv.br\/es\/extension-de-la-vigencia-de-la-ley-de-memoria-democratica-ciudadania-espanola-para-nietos-y-bisnietos-de-espanoles\/\" ><div class=\"elementor-post__thumbnail\"><img fetchpriority=\"high\" decoding=\"async\" width=\"1024\" height=\"576\" src=\"https:\/\/siciliano.adv.br\/es\/wp-content\/uploads\/2024\/05\/Prorrogacao-da-validade-da-Lei-da-Memoria-Democratica-Cidadania-espanhola-para-netos-e-bisnetos-de-Espanhois-1024x576.jpg\" class=\"attachment-large size-large wp-image-974\" alt=\"\" srcset=\"https:\/\/siciliano.adv.br\/es\/wp-content\/uploads\/2024\/05\/Prorrogacao-da-validade-da-Lei-da-Memoria-Democratica-Cidadania-espanhola-para-netos-e-bisnetos-de-Espanhois-1024x576.jpg 1024w, https:\/\/siciliano.adv.br\/es\/wp-content\/uploads\/2024\/05\/Prorrogacao-da-validade-da-Lei-da-Memoria-Democratica-Cidadania-espanhola-para-netos-e-bisnetos-de-Espanhois-300x169.jpg 300w, https:\/\/siciliano.adv.br\/es\/wp-content\/uploads\/2024\/05\/Prorrogacao-da-validade-da-Lei-da-Memoria-Democratica-Cidadania-espanhola-para-netos-e-bisnetos-de-Espanhois-768x432.jpg 768w, https:\/\/siciliano.adv.br\/es\/wp-content\/uploads\/2024\/05\/Prorrogacao-da-validade-da-Lei-da-Memoria-Democratica-Cidadania-espanhola-para-netos-e-bisnetos-de-Espanhois.jpg 1200w\" sizes=\"(max-width: 1024px) 100vw, 1024px\" \/><\/div><\/a>\n\t\t\t\t<div class=\"elementor-post__text\">\n\t\t\t\t<h3 class=\"elementor-post__title\">\n\t\t\t<a href=\"https:\/\/siciliano.adv.br\/es\/extension-de-la-vigencia-de-la-ley-de-memoria-democratica-ciudadania-espanola-para-nietos-y-bisnietos-de-espanoles\/\" >\n\t\t\t\tExtensi\u00f3n de la vigencia de la Ley de Memoria Democr\u00e1tica &#8211; Ciudadan\u00eda espa\u00f1ola para nietos y bisnietos de espa\u00f1oles\t\t\t<\/a>\n\t\t<\/h3>\n\t\t\t\t<div class=\"elementor-post__excerpt\">\n\t\t\t<p>El 21 de octubre de 2022, entr\u00f3 en vigor en Espa\u00f1a la Ley de Memoria Democr\u00e1tica, que ampli\u00f3 la posibilidad de obtener la ciudadan\u00eda espa\u00f1ola para nietos y bisnietos de espa\u00f1oles, inicialmente con un per\u00edodo de validez de dos a\u00f1os hasta el 21 de octubre<\/p>\n\t\t<\/div>\n\t\t\n\t\t<a class=\"elementor-post__read-more\" href=\"https:\/\/siciliano.adv.br\/es\/extension-de-la-vigencia-de-la-ley-de-memoria-democratica-ciudadania-espanola-para-nietos-y-bisnietos-de-espanoles\/\" >\n\t\t\tLeia Mais \u00bb\t\t<\/a>\n\n\t\t\t\t<\/div>\n\t\t\t\t\t<\/div>\n\t\t<\/article>\n\t\t\t\t<article class=\"elementor-post elementor-grid-item post-850 post type-post status-publish format-standard has-post-thumbnail hentry category-sem-categoria\">\n\t\t\t<div class=\"elementor-post__card\">\n\t\t\t\t<a class=\"elementor-post__thumbnail__link\" href=\"https:\/\/siciliano.adv.br\/es\/puntos-principales-sobre-la-ley-de-la-memoria-la-ciudadania-espanola-democratica-para-los-nietos-de-espanoles\/\" ><div class=\"elementor-post__thumbnail\"><img decoding=\"async\" width=\"1024\" height=\"576\" src=\"https:\/\/siciliano.adv.br\/es\/wp-content\/uploads\/2023\/03\/Cidadania-espanhola-para-netos-de-Espanhois-1024x576.jpg\" class=\"attachment-large size-large wp-image-847\" alt=\"Puntos principales sobre la Ley de Memoria Democr\u00e1tica \u2013 Ciudadan\u00eda espa\u00f1ola para nietos de espa\u00f1oles\" srcset=\"https:\/\/siciliano.adv.br\/es\/wp-content\/uploads\/2023\/03\/Cidadania-espanhola-para-netos-de-Espanhois-1024x576.jpg 1024w, https:\/\/siciliano.adv.br\/es\/wp-content\/uploads\/2023\/03\/Cidadania-espanhola-para-netos-de-Espanhois-300x169.jpg 300w, https:\/\/siciliano.adv.br\/es\/wp-content\/uploads\/2023\/03\/Cidadania-espanhola-para-netos-de-Espanhois-768x432.jpg 768w, https:\/\/siciliano.adv.br\/es\/wp-content\/uploads\/2023\/03\/Cidadania-espanhola-para-netos-de-Espanhois.jpg 1200w\" sizes=\"(max-width: 1024px) 100vw, 1024px\" \/><\/div><\/a>\n\t\t\t\t<div class=\"elementor-post__text\">\n\t\t\t\t<h3 class=\"elementor-post__title\">\n\t\t\t<a href=\"https:\/\/siciliano.adv.br\/es\/puntos-principales-sobre-la-ley-de-la-memoria-la-ciudadania-espanola-democratica-para-los-nietos-de-espanoles\/\" >\n\t\t\t\tPuntos principales sobre la Ley de Memoria Democr\u00e1tica \u2013 Ciudadan\u00eda espa\u00f1ola para nietos de espa\u00f1oles\t\t\t<\/a>\n\t\t<\/h3>\n\t\t\t\t<div class=\"elementor-post__excerpt\">\n\t\t\t<p>El 21 de octubre de 2022 entr\u00f3 en vigor en Espa\u00f1a la llamada Ley de Memoria Democr\u00e1tica, que ampli\u00f3 la posibilidad de obtener la ciudadan\u00eda espa\u00f1ola para nietos de espa\u00f1oles. En resumen, la ley faculta a (i) los nacidos fuera de Espa\u00f1a, cuyo padre, madre,<\/p>\n\t\t<\/div>\n\t\t\n\t\t<a class=\"elementor-post__read-more\" href=\"https:\/\/siciliano.adv.br\/es\/puntos-principales-sobre-la-ley-de-la-memoria-la-ciudadania-espanola-democratica-para-los-nietos-de-espanoles\/\" >\n\t\t\tLeia Mais \u00bb\t\t<\/a>\n\n\t\t\t\t<\/div>\n\t\t\t\t\t<\/div>\n\t\t<\/article>\n\t\t\t\t<article class=\"elementor-post elementor-grid-item post-844 post type-post status-publish format-standard has-post-thumbnail hentry category-sem-categoria\">\n\t\t\t<div class=\"elementor-post__card\">\n\t\t\t\t<a class=\"elementor-post__thumbnail__link\" href=\"https:\/\/siciliano.adv.br\/es\/extradicao-veja-o-que-e-quando-cabe-e-como-funciona-no-brasil\/\" ><div class=\"elementor-post__thumbnail\"><img decoding=\"async\" width=\"1024\" height=\"576\" src=\"https:\/\/siciliano.adv.br\/es\/wp-content\/uploads\/2023\/03\/Extradicao-Veja-o-que-e-quando-cabe-e-como-funciona-no-Brasil-1024x576.jpg\" class=\"attachment-large size-large wp-image-846\" alt=\"Extradi\u00e7\u00e3o: Veja o que \u00e9, quando cabe e como funciona no Brasil\" srcset=\"https:\/\/siciliano.adv.br\/es\/wp-content\/uploads\/2023\/03\/Extradicao-Veja-o-que-e-quando-cabe-e-como-funciona-no-Brasil-1024x576.jpg 1024w, https:\/\/siciliano.adv.br\/es\/wp-content\/uploads\/2023\/03\/Extradicao-Veja-o-que-e-quando-cabe-e-como-funciona-no-Brasil-300x169.jpg 300w, https:\/\/siciliano.adv.br\/es\/wp-content\/uploads\/2023\/03\/Extradicao-Veja-o-que-e-quando-cabe-e-como-funciona-no-Brasil-768x432.jpg 768w, https:\/\/siciliano.adv.br\/es\/wp-content\/uploads\/2023\/03\/Extradicao-Veja-o-que-e-quando-cabe-e-como-funciona-no-Brasil.jpg 1200w\" sizes=\"(max-width: 1024px) 100vw, 1024px\" \/><\/div><\/a>\n\t\t\t\t<div class=\"elementor-post__text\">\n\t\t\t\t<h3 class=\"elementor-post__title\">\n\t\t\t<a href=\"https:\/\/siciliano.adv.br\/es\/extradicao-veja-o-que-e-quando-cabe-e-como-funciona-no-brasil\/\" >\n\t\t\t\tExtradi\u00e7\u00e3o: Veja o que \u00e9, quando cabe e como funciona no Brasil\t\t\t<\/a>\n\t\t<\/h3>\n\t\t\t\t<div class=\"elementor-post__excerpt\">\n\t\t\t<p>A extradi\u00e7\u00e3o \u00e9 uma medida de coopera\u00e7\u00e3o internacional que frequentemente surge nos notici\u00e1rios e desperta calorosas discuss\u00f5es, por exemplo, como no caso Battisti e, mais recentemente, em rela\u00e7\u00e3o ao jogador de futebol Robinho. Trata-se de uma medida coercitiva de remo\u00e7\u00e3o de uma pessoa, acusada ou<\/p>\n\t\t<\/div>\n\t\t\n\t\t<a class=\"elementor-post__read-more\" href=\"https:\/\/siciliano.adv.br\/es\/extradicao-veja-o-que-e-quando-cabe-e-como-funciona-no-brasil\/\" >\n\t\t\tLeia Mais \u00bb\t\t<\/a>\n\n\t\t\t\t<\/div>\n\t\t\t\t\t<\/div>\n\t\t<\/article>\n\t\t\t\t<article class=\"elementor-post elementor-grid-item post-799 post type-post status-publish format-standard has-post-thumbnail hentry category-sem-categoria\">\n\t\t\t<div class=\"elementor-post__card\">\n\t\t\t\t<a class=\"elementor-post__thumbnail__link\" href=\"https:\/\/siciliano.adv.br\/es\/reforma-das-leis-de-migracao-na-espanha-decreto-real-629-2022-de-26-de-julho-de-2022\/\" ><div class=\"elementor-post__thumbnail\"><img loading=\"lazy\" decoding=\"async\" width=\"1024\" height=\"576\" src=\"https:\/\/siciliano.adv.br\/es\/wp-content\/uploads\/2022\/08\/Reforma-das-leis-de-migracao-na-Espanha-1024x576.jpg\" class=\"attachment-large size-large wp-image-800\" alt=\"Reforma das leis de migra\u00e7\u00e3o na Espanha (Decreto Real 629\/2022, de 26 de julho de 2022).\" srcset=\"https:\/\/siciliano.adv.br\/es\/wp-content\/uploads\/2022\/08\/Reforma-das-leis-de-migracao-na-Espanha-1024x576.jpg 1024w, https:\/\/siciliano.adv.br\/es\/wp-content\/uploads\/2022\/08\/Reforma-das-leis-de-migracao-na-Espanha-300x169.jpg 300w, https:\/\/siciliano.adv.br\/es\/wp-content\/uploads\/2022\/08\/Reforma-das-leis-de-migracao-na-Espanha-768x432.jpg 768w, https:\/\/siciliano.adv.br\/es\/wp-content\/uploads\/2022\/08\/Reforma-das-leis-de-migracao-na-Espanha.jpg 1200w\" sizes=\"(max-width: 1024px) 100vw, 1024px\" \/><\/div><\/a>\n\t\t\t\t<div class=\"elementor-post__text\">\n\t\t\t\t<h3 class=\"elementor-post__title\">\n\t\t\t<a href=\"https:\/\/siciliano.adv.br\/es\/reforma-das-leis-de-migracao-na-espanha-decreto-real-629-2022-de-26-de-julho-de-2022\/\" >\n\t\t\t\tReforma das leis de migra\u00e7\u00e3o na Espanha (DR 629\/2022, de 26 de julho de 2022).\t\t\t<\/a>\n\t\t<\/h3>\n\t\t\t\t<div class=\"elementor-post__excerpt\">\n\t\t\t<p>A nova lei de migra\u00e7\u00f5es da Espanha que entrou em vigor no dia 16 de agosto de 2022 \u00e9, sem d\u00favidas, uma boa not\u00edcia para os brasileiros, para a Espanha e para o mundo. O ponto de partida dessa reforma \u00e9 o reconhecimento de que<\/p>\n\t\t<\/div>\n\t\t\n\t\t<a class=\"elementor-post__read-more\" href=\"https:\/\/siciliano.adv.br\/es\/reforma-das-leis-de-migracao-na-espanha-decreto-real-629-2022-de-26-de-julho-de-2022\/\" >\n\t\t\tLeia Mais \u00bb\t\t<\/a>\n\n\t\t\t\t<\/div>\n\t\t\t\t\t<\/div>\n\t\t<\/article>\n\t\t\t\t<article class=\"elementor-post elementor-grid-item post-787 post type-post status-publish format-standard has-post-thumbnail hentry category-sem-categoria\">\n\t\t\t<div class=\"elementor-post__card\">\n\t\t\t\t<a class=\"elementor-post__thumbnail__link\" href=\"https:\/\/siciliano.adv.br\/es\/tratamento-de-dados-para-protecao-do-credito\/\" ><div class=\"elementor-post__thumbnail\"><img loading=\"lazy\" decoding=\"async\" width=\"1024\" height=\"576\" src=\"https:\/\/siciliano.adv.br\/es\/wp-content\/uploads\/2021\/05\/Lei-Geral-de-Protecao-de-Dados-LGPD-1024x576.jpg\" class=\"attachment-large size-large wp-image-788\" alt=\"a Lei Geral de Prote\u00e7\u00e3o de Dados - LGPD\" srcset=\"https:\/\/siciliano.adv.br\/es\/wp-content\/uploads\/2021\/05\/Lei-Geral-de-Protecao-de-Dados-LGPD-1024x576.jpg 1024w, https:\/\/siciliano.adv.br\/es\/wp-content\/uploads\/2021\/05\/Lei-Geral-de-Protecao-de-Dados-LGPD-300x169.jpg 300w, https:\/\/siciliano.adv.br\/es\/wp-content\/uploads\/2021\/05\/Lei-Geral-de-Protecao-de-Dados-LGPD-768x432.jpg 768w, https:\/\/siciliano.adv.br\/es\/wp-content\/uploads\/2021\/05\/Lei-Geral-de-Protecao-de-Dados-LGPD.jpg 1200w\" sizes=\"(max-width: 1024px) 100vw, 1024px\" \/><\/div><\/a>\n\t\t\t\t<div class=\"elementor-post__text\">\n\t\t\t\t<h3 class=\"elementor-post__title\">\n\t\t\t<a href=\"https:\/\/siciliano.adv.br\/es\/tratamento-de-dados-para-protecao-do-credito\/\" >\n\t\t\t\tTratamento de dados para prote\u00e7\u00e3o do cr\u00e9dito\t\t\t<\/a>\n\t\t<\/h3>\n\t\t\t\t<div class=\"elementor-post__excerpt\">\n\t\t\t<p>Voc\u00ea j\u00e1 deve ter ouvido falar que a Lei Geral de Prote\u00e7\u00e3o de Dados (LGPD) foi elaborada com base no principal standard mundial de prote\u00e7\u00e3o de dados: o Regulamento Geral de Prote\u00e7\u00e3o de Dados da Uni\u00e3o Europeia ou General Data Protection Regulation (GDPR). A nossa<\/p>\n\t\t<\/div>\n\t\t\n\t\t<a class=\"elementor-post__read-more\" href=\"https:\/\/siciliano.adv.br\/es\/tratamento-de-dados-para-protecao-do-credito\/\" >\n\t\t\tLeia Mais \u00bb\t\t<\/a>\n\n\t\t\t\t<\/div>\n\t\t\t\t\t<\/div>\n\t\t<\/article>\n\t\t\t\t<article class=\"elementor-post elementor-grid-item post-668 post type-post status-publish format-standard has-post-thumbnail hentry category-sem-categoria\">\n\t\t\t<div class=\"elementor-post__card\">\n\t\t\t\t<a class=\"elementor-post__thumbnail__link\" href=\"https:\/\/siciliano.adv.br\/es\/regime-juridico-emergencial-e-transitorio\/\" ><div class=\"elementor-post__thumbnail\"><img loading=\"lazy\" decoding=\"async\" width=\"1024\" height=\"576\" src=\"https:\/\/siciliano.adv.br\/es\/wp-content\/uploads\/2020\/07\/Lei-da-Pandemia-1024x576.jpg\" class=\"attachment-large size-large wp-image-670\" alt=\"Regime Jur\u00eddico Emergencial e Transit\u00f3rio - Lei da Pandemia\" srcset=\"https:\/\/siciliano.adv.br\/es\/wp-content\/uploads\/2020\/07\/Lei-da-Pandemia-1024x576.jpg 1024w, https:\/\/siciliano.adv.br\/es\/wp-content\/uploads\/2020\/07\/Lei-da-Pandemia-300x169.jpg 300w, https:\/\/siciliano.adv.br\/es\/wp-content\/uploads\/2020\/07\/Lei-da-Pandemia-768x432.jpg 768w, https:\/\/siciliano.adv.br\/es\/wp-content\/uploads\/2020\/07\/Lei-da-Pandemia.jpg 1200w\" sizes=\"(max-width: 1024px) 100vw, 1024px\" \/><\/div><\/a>\n\t\t\t\t<div class=\"elementor-post__text\">\n\t\t\t\t<h3 class=\"elementor-post__title\">\n\t\t\t<a href=\"https:\/\/siciliano.adv.br\/es\/regime-juridico-emergencial-e-transitorio\/\" >\n\t\t\t\tRegime Jur\u00eddico Emergencial e Transit\u00f3rio &#8211; Lei da Pandemia (14.010\/2020)\t\t\t<\/a>\n\t\t<\/h3>\n\t\t\t\t<div class=\"elementor-post__excerpt\">\n\t\t\t<p>Em 12 de junho de 2020 foi publicada no Di\u00e1rio Oficial da Uni\u00e3o a Lei n\u00ba 14.010, de 10 de junho de 2020, cujo objeto \u00e9 o estabelecimento de um Regime Jur\u00eddico Emergencial e Transit\u00f3rio das rela\u00e7\u00f5es jur\u00eddicas de Direito Privado (\u201cRJET\u201d), ap\u00f3s tramita\u00e7\u00e3o no<\/p>\n\t\t<\/div>\n\t\t\n\t\t<a class=\"elementor-post__read-more\" href=\"https:\/\/siciliano.adv.br\/es\/regime-juridico-emergencial-e-transitorio\/\" >\n\t\t\tLeia Mais \u00bb\t\t<\/a>\n\n\t\t\t\t<\/div>\n\t\t\t\t\t<\/div>\n\t\t<\/article>\n\t\t\t\t<\/div>\n\n\n\t\t\n\t\t\t\t\t\t<\/div>\n\t\t\t\t<\/div>\n\t\t\t\t\t<\/div>\n\t\t<\/div>\n\t\t\t\t\t<\/div>\n\t\t<\/section>\n\t\t\t\t<\/div>\n\t\t","protected":false},"excerpt":{"rendered":"<p>Moderno en la forma de operar Tradicional en los valores a defenderModerno en la forma de operar Tradicional en los valores a defender Siciliano Sociedad de Abogados Creemos que la modernidad radica en nuevas formas de relacionarse y actuar, que permiten reducir costos y aumentar la eficiencia. Tambi\u00e9n creemos que la pr\u00e1ctica del derecho debe [&hellip;]<\/p>\n","protected":false},"author":1,"featured_media":0,"parent":0,"menu_order":0,"comment_status":"closed","ping_status":"closed","template":"elementor_canvas","meta":{"site-sidebar-layout":"no-sidebar","site-content-layout":"page-builder","ast-site-content-layout":"full-width-container","site-content-style":"unboxed","site-sidebar-style":"unboxed","ast-global-header-display":"","ast-banner-title-visibility":"","ast-main-header-display":"","ast-hfb-above-header-display":"","ast-hfb-below-header-display":"","ast-hfb-mobile-header-display":"","site-post-title":"disabled","ast-breadcrumbs-content":"","ast-featured-img":"disabled","footer-sml-layout":"","ast-disable-related-posts":"","theme-transparent-header-meta":"default","adv-header-id-meta":"","stick-header-meta":"","header-above-stick-meta":"","header-main-stick-meta":"","header-below-stick-meta":"","astra-migrate-meta-layouts":"set","ast-page-background-enabled":"default","ast-page-background-meta":{"desktop":{"background-color":"","background-image":"","background-repeat":"repeat","background-position":"center center","background-size":"auto","background-attachment":"scroll","background-type":"","background-media":"","overlay-type":"","overlay-color":"","overlay-opacity":"","overlay-gradient":""},"tablet":{"background-color":"","background-image":"","background-repeat":"repeat","background-position":"center center","background-size":"auto","background-attachment":"scroll","background-type":"","background-media":"","overlay-type":"","overlay-color":"","overlay-opacity":"","overlay-gradient":""},"mobile":{"background-color":"","background-image":"","background-repeat":"repeat","background-position":"center center","background-size":"auto","background-attachment":"scroll","background-type":"","background-media":"","overlay-type":"","overlay-color":"","overlay-opacity":"","overlay-gradient":""}},"ast-content-background-meta":{"desktop":{"background-color":"var(--ast-global-color-5)","background-image":"","background-repeat":"repeat","background-position":"center center","background-size":"auto","background-attachment":"scroll","background-type":"","background-media":"","overlay-type":"","overlay-color":"","overlay-opacity":"","overlay-gradient":""},"tablet":{"background-color":"var(--ast-global-color-5)","background-image":"","background-repeat":"repeat","background-position":"center center","background-size":"auto","background-attachment":"scroll","background-type":"","background-media":"","overlay-type":"","overlay-color":"","overlay-opacity":"","overlay-gradient":""},"mobile":{"background-color":"var(--ast-global-color-5)","background-image":"","background-repeat":"repeat","background-position":"center center","background-size":"auto","background-attachment":"scroll","background-type":"","background-media":"","overlay-type":"","overlay-color":"","overlay-opacity":"","overlay-gradient":""}},"footnotes":""},"yst_prominent_words":[85,9,235],"class_list":["post-33","page","type-page","status-publish","hentry"],"_links":{"self":[{"href":"https:\/\/siciliano.adv.br\/es\/wp-json\/wp\/v2\/pages\/33","targetHints":{"allow":["GET"]}}],"collection":[{"href":"https:\/\/siciliano.adv.br\/es\/wp-json\/wp\/v2\/pages"}],"about":[{"href":"https:\/\/siciliano.adv.br\/es\/wp-json\/wp\/v2\/types\/page"}],"author":[{"embeddable":true,"href":"https:\/\/siciliano.adv.br\/es\/wp-json\/wp\/v2\/users\/1"}],"replies":[{"embeddable":true,"href":"https:\/\/siciliano.adv.br\/es\/wp-json\/wp\/v2\/comments?post=33"}],"version-history":[{"count":95,"href":"https:\/\/siciliano.adv.br\/es\/wp-json\/wp\/v2\/pages\/33\/revisions"}],"predecessor-version":[{"id":944,"href":"https:\/\/siciliano.adv.br\/es\/wp-json\/wp\/v2\/pages\/33\/revisions\/944"}],"wp:attachment":[{"href":"https:\/\/siciliano.adv.br\/es\/wp-json\/wp\/v2\/media?parent=33"}],"wp:term":[{"taxonomy":"yst_prominent_words","embeddable":true,"href":"https:\/\/siciliano.adv.br\/es\/wp-json\/wp\/v2\/yst_prominent_words?post=33"}],"curies":[{"name":"wp","href":"https:\/\/api.w.org\/{rel}","templated":true}]}}